{"id":5890,"date":"2025-10-20T11:25:25","date_gmt":"2025-10-20T09:25:25","guid":{"rendered":"https:\/\/comiteesceniques.org\/?post_type=tribe_events&#038;p=5890"},"modified":"2025-10-20T11:25:26","modified_gmt":"2025-10-20T09:25:26","slug":"2a-sessio-del-proces-participatiu-delaboracio-duna-guia-de-bones-practiques-en-la-contractacio-escenica","status":"publish","type":"tribe_events","link":"https:\/\/comiteesceniques.org\/es\/evento\/2a-sessio-del-proces-participatiu-delaboracio-duna-guia-de-bones-practiques-en-la-contractacio-escenica\/","title":{"rendered":"2a SESSI\u00d3 DEL PROC\u00c9S PARTICIPATIU D\u2019ELABORACI\u00d3 D\u2019UNA GUIA DE BONES PR\u00c0CTIQUES EN LA CONTRACTACI\u00d3 ESC\u00c8NICA"},"content":{"rendered":"<h1>2a SESSI\u00d3 DEL PROC\u00c9S PARTICIPATIU D\u2019ELABORACI\u00d3 D\u2019UNA GUIA DE BONES PR\u00c0CTIQUES EN LA CONTRACTACI\u00d3 ESC\u00c8NICA<\/h1>\n<blockquote><p>Quan: 21 d\u2019octubre de 2025 de 10 h a 13 h<\/p>\n<p>On: Sala Carme Teatre (Val\u00e8ncia)<\/p>\n<p>Confirmacions a particip.artes@gmail.com o a ccartsesceniques@gmail.com<\/p><\/blockquote>\n<div>\n<h3 dir=\"ltr\">Pr\u00f2xima sessi\u00f3: 21 d\u2019octubre a Val\u00e8ncia<\/h3>\n<p dir=\"ltr\">La pr\u00f2xima sessi\u00f3 tindr\u00e0 lloc a Val\u00e8ncia, el dimarts 21 d\u2019octubre de 2025, a les 10:00 h a la Sala Carme Teatre de Val\u00e8ncia. Aix\u00f2\u00a0no vol dir\u00a0que el proc\u00e9s no tinga en compte la\u00a0desigualtat territorial. De fet, com explicarem eixe mateix dia, es realitzaran\u00a0m\u00e9s sessions en diferents punts del territori.<\/p>\n<p dir=\"ltr\">Si aquesta desigualtat t\u2019afecta i, tot i aix\u00f2, vols participar en la sessi\u00f3 de Val\u00e8ncia, pots escriure a\u00a0<a href=\"mailto:ccartsesceniques@gmail.com\" target=\"_blank\" rel=\"noopener\">ccartsesceniques@gmail.com<\/a>\u00a0<wbr \/>per a consultar\u00a0possibles ajudes amb les despeses de despla\u00e7ament.<\/p>\n<p dir=\"ltr\">En qualsevol cas, esperem\u00a0veure\u2019t all\u00ed, puntual i amb energia.<br \/>\nT\u2019agrair\u00edem que confirmes la teua assist\u00e8ncia, per poder adaptar les t\u00e8cniques i l\u2019espai al nombre de participants.<\/p>\n<p dir=\"ltr\">\n<hr \/>\n<p>&nbsp;<\/p>\n<h3 dir=\"ltr\">2. Llista d\u2019agents i difusi\u00f3 del proc\u00e9s<\/h3>\n<p dir=\"ltr\">Hem desenvolupat una llista d\u2019agents identificats pel grup com a necessaris per a participar en l\u2019elaboraci\u00f3 de la guia.<\/p>\n<p dir=\"ltr\">D\u2019ara endvant,\u00a0comen\u00e7a la teua missi\u00f3 com a part del grup motor:<br \/>\n\u00e9s el moment de\u00a0difondre la import\u00e0ncia d\u2019assistir a la pr\u00f2xima sessi\u00f3\u00a0i\u00a0animar altres persones i col\u00b7lectius a participar-hi.<\/p>\n<p dir=\"ltr\">Si ho consideres \u00fatil, pots demanar m\u00e9s informaci\u00f3.<\/p>\n<p dir=\"ltr\">En la sessi\u00f3 anterior treball\u00e0rem mitjan\u00e7ant un\u00a0arbre de problemes i solucions, identificant els principals reptes del sector i definint un\u00a0objectiu com\u00fa per a la guia.<br \/>\nTamb\u00e9 elabor\u00e0rem un\u00a0sociograma\u00a0per a visualitzar quins agents tenen m\u00e9s poder o implicaci\u00f3 en el canvi, i recoll\u00edrem una\u00a0llista d\u2019agents i tem\u00e0tiques\u00a0per a la pr\u00f2xima sessi\u00f3.<\/p>\n<p dir=\"ltr\">Tot i el temps limitat, les\u00a0conclusions van ser molt rellevants, i el punt de partida d\u2019aquesta guia es presenta\u00a0apassionant.<\/p>\n<p dir=\"ltr\">Les persones que vau participar recordareu que, en el sociograma, moltes\u00a0organitzacions, associacions i grups no formals de professionals\u00a0apareix\u00edeu en el quadrant de\u00a0molta implicaci\u00f3 i poc poder.<br \/>\nVos convidem a reprendre aquella reflexi\u00f3 sobre el vostre enorme poder transformador col\u00b7lectiu, i a veure aquest proc\u00e9s com una oportunitat per a consolidar eixe poder i avan\u00e7ar cap a majors nivells de dignitat i reconeixement.<\/p>\n<\/div>\n","protected":false},"excerpt":{"rendered":"<p>2a SESSI\u00d3 DEL PROC\u00c9S PARTICIPATIU D\u2019ELABORACI\u00d3 D\u2019UNA GUIA DE BONES PR\u00c0CTIQUES EN LA CONTRACTACI\u00d3 ESC\u00c8NICA Quan: 21 d\u2019octubre de 2025 de 10 h a 13 h On: Sala Carme Teatre [&hellip;]<\/p>\n","protected":false},"author":5,"featured_media":5874,"template":"","meta":{"_acf_changed":false,"_et_pb_use_builder":"","_et_pb_old_content":"","_et_gb_content_width":"","_tribe_events_status":"","_tribe_events_status_reason":"","footnotes":""},"tags":[889,891,838,894,888,884,890,892,885,839,872,873,311,737,886,893,887,883,837,279],"tribe_events_cat":[87],"class_list":["post-5890","tribe_events","type-tribe_events","status-publish","has-post-thumbnail","hentry","tag-ajuntament-es","tag-alacant-es","tag-arts-esceniques-es","tag-arts-vives-es","tag-associacions-es","tag-bones-practiques-es","tag-castello-es","tag-circ-es","tag-contractacio-es","tag-dansa-es","tag-guia-es","tag-irene-castillo-es","tag-ivc-es","tag-pais-valencia-es","tag-participacio-es","tag-performance-es","tag-professionals-es","tag-sindicalisme","tag-teatre-es","tag-valencia-es","tribe_events_cat-otras","cat_otras"],"acf":[],"_links":{"self":[{"href":"https:\/\/comiteesceniques.org\/es\/wp-json\/wp\/v2\/tribe_events\/5890","targetHints":{"allow":["GET"]}}],"collection":[{"href":"https:\/\/comiteesceniques.org\/es\/wp-json\/wp\/v2\/tribe_events"}],"about":[{"href":"https:\/\/comiteesceniques.org\/es\/wp-json\/wp\/v2\/types\/tribe_events"}],"author":[{"embeddable":true,"href":"https:\/\/comiteesceniques.org\/es\/wp-json\/wp\/v2\/users\/5"}],"version-history":[{"count":1,"href":"https:\/\/comiteesceniques.org\/es\/wp-json\/wp\/v2\/tribe_events\/5890\/revisions"}],"predecessor-version":[{"id":5891,"href":"https:\/\/comiteesceniques.org\/es\/wp-json\/wp\/v2\/tribe_events\/5890\/revisions\/5891"}],"wp:featuredmedia":[{"embeddable":true,"href":"https:\/\/comiteesceniques.org\/es\/wp-json\/wp\/v2\/media\/5874"}],"wp:attachment":[{"href":"https:\/\/comiteesceniques.org\/es\/wp-json\/wp\/v2\/media?parent=5890"}],"wp:term":[{"taxonomy":"post_tag","embeddable":true,"href":"https:\/\/comiteesceniques.org\/es\/wp-json\/wp\/v2\/tags?post=5890"},{"taxonomy":"tribe_events_cat","embeddable":true,"href":"https:\/\/comiteesceniques.org\/es\/wp-json\/wp\/v2\/tribe_events_cat?post=5890"}],"curies":[{"name":"wp","href":"https:\/\/api.w.org\/{rel}","templated":true}]}}